{"id":835,"date":"2017-08-15T16:31:52","date_gmt":"2017-08-15T14:31:52","guid":{"rendered":"http:\/\/beauty-company-weyhe.de\/?page_id=835"},"modified":"2018-11-22T15:08:52","modified_gmt":"2018-11-22T14:08:52","slug":"news-archiv","status":"publish","type":"page","link":"https:\/\/beauty-company-weyhe.de\/index.php\/news-archiv\/","title":{"rendered":"News-Archiv"},"content":{"rendered":"<hr \/>\n<p style=\"font-size: 12px;\">(01.10.2018)<\/p>\n<h3>Herbstpause \ud83c\udf42<\/h3>\n<p>Liebe Kundinnen und Kunden,<br \/>\n&nbsp;<br \/>\nunser Gesch\u00e4ft bleibt in der Zeit vom<\/p>\n<h4>05.10.18 &#8211; 06.10.18<\/h4>\n<p>geschlossen.<\/p>\n<p>&nbsp;<br \/>\nAb Montag, den 8. Oktober, sind wir wieder ganz gewohnt f\u00fcr Sie da. <\/p>\n<p>Ihr Team der Beauty Company Weyhe<br \/>\n&nbsp;<\/p>\n<hr \/>\n<p style=\"font-size: 12px;\">(23.09.2018)<\/p>\n<h3>Neue Behandlungen von BDR Medical Beauty Concept \ud83d\udd36<\/h3>\n<p>Liebe Kundinnen und Kunden,<br \/>\n&nbsp;<br \/>\nab sofort bieten wir hochwertige Behandlungen aus dem Hause bdr Medical Beauty Concept an. Durch die Kombination aus einem hochtechnologisierten Ger\u00e4te-System und individuell anpassbaren dermazeutischen Wirkstoffseren eignet sich die Behandlung f\u00fcr jeden Hauttyp.<\/p>\n<p>&nbsp;<br \/>\nWenn Sie mehr \u00fcber die Behandlung erfahren m\u00f6chten, Sehen Sie sich <a href=\"https:\/\/beauty-company-weyhe.de\/index.php\/bdr-medical-beauty-concept\/\">hier<\/a> um.<br \/>\n&nbsp;<br \/>\nIhr Team<br \/>\nBeauty Company Weyhe<br \/>\n&nbsp;<\/p>\n<hr \/>\n<p style=\"font-size: 12px;\">(10.06.2018)<\/p>\n<h3>Sommerpause \u2600\ufe0f<\/h3>\n<p>Liebe Kundinnen und Kunden,<br \/>\n&nbsp;<br \/>\nunser Gesch\u00e4ft bleibt in der Zeit vom<\/p>\n<h4>21.07.18 &#8211; 07.08.18<\/h4>\n<p>geschlossen.<\/p>\n<p>&nbsp;<br \/>\nNach der Sommerpause sind wir wieder ganz gewohnt f\u00fcr Sie da. <\/p>\n<p>Die Beauty Company Weyhe w\u00fcnscht Ihnen eine sch\u00f6ne Sommerzeit!<br \/>\n&nbsp;<\/p>\n<hr \/>\n<p style=\"font-size: 12px;\">(18.04.2018)<\/p>\n<h3>Eingeschr\u00e4nkte \u00d6ffnungszeiten \ud83d\udd52<\/h3>\n<p>Liebe Kundinnen und Kunden,<br \/>\n&nbsp;<br \/>\nunser Gesch\u00e4ft bleibt an folgenden Tagen geschlossen:<\/p>\n<h4>19.04.2018<\/h4>\n<h4>11.05.2018<\/h4>\n<h4>12.05.2018<\/h4>\n<h4>16.06.2018<\/h4>\n<p>&nbsp;<br \/>\nAn allen anderen Tagen sind wir &#8211; wie gewohnt &#8211; f\u00fcr Sie da.<\/p>\n<p>Ihr Team<br \/>\nBeauty Company Weyhe<br \/>\n&nbsp;<\/p>\n<hr \/>\n<p style=\"font-size: 12px;\">(24.03.2018)<\/p>\n<h3>Betriebsurlaub \ud83d\udc30\ud83d\udc23<\/h3>\n<p>Liebe Kundinnen und Kunden,<br \/>\n&nbsp;<br \/>\nunser Gesch\u00e4ft macht Betriebsurlaub und bleibt in der Zeit vom<\/p>\n<h4>03.04.18 bis 07.04.18<\/h4>\n<p>geschlossen.<br \/>\n&nbsp;<br \/>\nIn diesem Zeitraum befinden sich alle Mitarbeiterinnen im Urlaub.<\/p>\n<p>Gerne sind wir ab Dienstag, den <strong>10.04.18<\/strong>, wieder f\u00fcr Sie da. <\/p>\n<p>Wir w\u00fcnschen Ihnen und Ihrer Familien, ein frohes Osterfest im kreise Ihrer liebsten und verbleiben mit besten Gr\u00fc\u00dfen <\/p>\n<p>Ihr Team<br \/>\nBeauty Company Weyhe<br \/>\n&nbsp;<\/p>\n<hr \/>\n<p><img loading=\"lazy\" decoding=\"async\" src=\"https:\/\/beauty-company-weyhe.de\/wp-content\/uploads\/2018\/03\/Fru_hjahrsmarkt-Kirchweyhe-Querformat-in-Love-550x778.jpg\" alt=\"\" width=\"280\" height=\"396\" class=\"alignright size-wcstandard wp-image-935\" srcset=\"https:\/\/beauty-company-weyhe.de\/wp-content\/uploads\/2018\/03\/Fru_hjahrsmarkt-Kirchweyhe-Querformat-in-Love-550x778.jpg 550w, https:\/\/beauty-company-weyhe.de\/wp-content\/uploads\/2018\/03\/Fru_hjahrsmarkt-Kirchweyhe-Querformat-in-Love-212x300.jpg 212w, https:\/\/beauty-company-weyhe.de\/wp-content\/uploads\/2018\/03\/Fru_hjahrsmarkt-Kirchweyhe-Querformat-in-Love-768x1086.jpg 768w, https:\/\/beauty-company-weyhe.de\/wp-content\/uploads\/2018\/03\/Fru_hjahrsmarkt-Kirchweyhe-Querformat-in-Love-1414x2000.jpg 1414w, https:\/\/beauty-company-weyhe.de\/wp-content\/uploads\/2018\/03\/Fru_hjahrsmarkt-Kirchweyhe-Querformat-in-Love-250x353.jpg 250w, https:\/\/beauty-company-weyhe.de\/wp-content\/uploads\/2018\/03\/Fru_hjahrsmarkt-Kirchweyhe-Querformat-in-Love-800x1131.jpg 800w, https:\/\/beauty-company-weyhe.de\/wp-content\/uploads\/2018\/03\/Fru_hjahrsmarkt-Kirchweyhe-Querformat-in-Love-127x180.jpg 127w, https:\/\/beauty-company-weyhe.de\/wp-content\/uploads\/2018\/03\/Fru_hjahrsmarkt-Kirchweyhe-Querformat-in-Love-354x500.jpg 354w, https:\/\/beauty-company-weyhe.de\/wp-content\/uploads\/2018\/03\/Fru_hjahrsmarkt-Kirchweyhe-Querformat-in-Love.jpg 1843w\" sizes=\"auto, (max-width: 280px) 100vw, 280px\" \/><\/p>\n<p style=\"font-size: 12px;\">(24.03.2018)<\/p>\n<h3>Fr\u00fchlingsmarkt am 25.03.2018 \ud83c\udf37<\/h3>\n<p>Liebe Kundinnen und Kunden,<br \/>\n&nbsp;<br \/>\nwir sind an diesem Sonntag auf dem Fr\u00fchlingsmarkt in Weyhe!<br \/>\n&nbsp;<br \/>\nWir freuen uns sehr, wenn Sie uns besuchen kommen.<br \/>\n&nbsp;<br \/>\nIhr Team<br \/>\nBeauty Company Weyhe<br \/>\n&nbsp;<\/p>\n<hr \/>\n<p style=\"font-size: 12px;\">(05.03.2018)<\/p>\n<h3>Ge\u00e4nderte \u00d6ffnungszeiten am Mittwoch, den 07.03.2018 \ud83d\udd5c<\/h3>\n<p>Liebe Kundinnen und Kunden,<br \/>\n&nbsp;<\/p>\n<h5>am Mittwoch, den 07. M\u00e4rz 2018, bleibt die Beauty Company Weyhe aus privaten Gr\u00fcnden geschlossen.<\/h5>\n<p>&nbsp;<br \/>\nIhr Team<br \/>\nBeauty Company Weyhe<br \/>\n&nbsp;<\/p>\n<hr \/>\n<p style=\"font-size: 12px;\">(04.12.2017)<\/p>\n<p><img decoding=\"async\" src=\"https:\/\/beauty-company-weyhe.de\/wp-content\/uploads\/2017\/12\/WhatsApp-Image-2017-12-04-at-18.47.53-550x733.jpeg\" alt=\"\" width=\"250\" height=\"\" class=\"alignright size-wcstandard wp-image-913\" srcset=\"https:\/\/beauty-company-weyhe.de\/wp-content\/uploads\/2017\/12\/WhatsApp-Image-2017-12-04-at-18.47.53-550x733.jpeg 550w, https:\/\/beauty-company-weyhe.de\/wp-content\/uploads\/2017\/12\/WhatsApp-Image-2017-12-04-at-18.47.53-225x300.jpeg 225w, https:\/\/beauty-company-weyhe.de\/wp-content\/uploads\/2017\/12\/WhatsApp-Image-2017-12-04-at-18.47.53-768x1024.jpeg 768w, https:\/\/beauty-company-weyhe.de\/wp-content\/uploads\/2017\/12\/WhatsApp-Image-2017-12-04-at-18.47.53-250x333.jpeg 250w, https:\/\/beauty-company-weyhe.de\/wp-content\/uploads\/2017\/12\/WhatsApp-Image-2017-12-04-at-18.47.53-800x1067.jpeg 800w, https:\/\/beauty-company-weyhe.de\/wp-content\/uploads\/2017\/12\/WhatsApp-Image-2017-12-04-at-18.47.53-135x180.jpeg 135w, https:\/\/beauty-company-weyhe.de\/wp-content\/uploads\/2017\/12\/WhatsApp-Image-2017-12-04-at-18.47.53-375x500.jpeg 375w, https:\/\/beauty-company-weyhe.de\/wp-content\/uploads\/2017\/12\/WhatsApp-Image-2017-12-04-at-18.47.53.jpeg 960w\" sizes=\"(max-width: 550px) 100vw, 550px\" \/><\/p>\n<h3>DANKE SAGEN \ud83c\udf84\ud83c\udf85\ud83c\udffb\u2728<\/h3>\n<p>m\u00f6chten wir allen unseren Kundinnen, Kunden &#038; Gesch\u00e4ftspartnern im zu Ende gehenden Jahr.<br \/>\n&nbsp;<br \/>\nDanke f\u00fcr ein gutes Miteinander, f\u00fcr Vertrauen &#038; Treue. \ud83d\udc96<br \/>\n&nbsp;<br \/>\nEine angenehme Zusammenarbeit runden dieses Jahr f\u00fcr uns ab, wir sind dankbar \u00fcber jeden einzelnen erlebten Moment. <\/p>\n<p>Wir w\u00fcnschen Ihnen und Ihrer Familie ein gesegnetes Weihnachtsfest im Kreise ihrer Liebsten. <\/p>\n<p>Viel Gl\u00fcck, Gesundheit und Erfolg im neuen Jahr w\u00fcnscht \ud83c\udf40\ud83e\udd42\ud83c\udf7e<br \/>\n&nbsp;<br \/>\nIhre<br \/>\nBeauty Company Weyhe<\/p>\n<hr \/>\n<p style=\"font-size: 12px;\">(15.11.2017)<\/p>\n<h3>Einladung zum Tag der offenen T\u00fcr \ud83e\udd42<\/h3>\n<p>Liebe Kundinnen und Kunden,<br \/>\nwir laden Sie hiermit herzlich zum Tag der offenen T\u00fcr ein:<\/p>\n<div class=\"wc-gallery\"><div class='wcflexslider-container wc-gallery-bottomspace-default wc-gallery-clear'><div id='gallery-1' class='gallery wc-gallery-captions-hide gallery-link-none wcflexslider wcslider2' data-gutter-width='5' data-columns='3' data-hide-controls='false'><ul class='slides'>\n\t\t\t\t<li class='gallery-item gallery-item-position-1 gallery-item-attachment-902 wcflex-slide-item'>\n\t\t\t\t\t<div class='gallery-icon landscape'>\n\t\t\t\t\t\t<img src='https:\/\/beauty-company-weyhe.de\/wp-content\/uploads\/2015\/10\/Ryberg-Tag-der-offenen-Tu_r-2000x1000.jpg' width='1170' height='585' alt='' \/>\n\t\t\t\t\t<\/div><\/li>\n\t\t\t\t<li class='gallery-item gallery-item-position-2 gallery-item-attachment-903 wcflex-slide-item'>\n\t\t\t\t\t<div class='gallery-icon landscape'>\n\t\t\t\t\t\t<img src='https:\/\/beauty-company-weyhe.de\/wp-content\/uploads\/2015\/10\/Ryberg-Tag-der-offenen-Tu_r2-2000x1000.jpg' width='1170' height='585' alt='' \/>\n\t\t\t\t\t<\/div><\/li><\/ul><\/div>\n<\/div>\n<\/div>\n<p>Ihre<br \/>\nBeauty Company Weyhe<\/p>\n<hr \/>\n<p style=\"font-size: 12px;\">(01.11.2017)<\/p>\n<h3>Neue \u00d6ffnungszeiten \ud83d\udd5c<\/h3>\n<p>Liebe Kundinnen und Kunden,<br \/>\n&nbsp;<br \/>\nab Dezember haben wir neue \u00d6ffnungszeiten!<br \/>\n&nbsp;<\/p>\n<h5>Montags: Ruhetag<\/h5>\n<h5>Dienstag bis Freitag: 9:30 &#8211; 18:00 Uhr <\/h5>\n<h5>Samstag: Termine nach Vereinbarung <\/h5>\n<h5>Sondervereinbarung nach Absprache m\u00f6glich.<\/h5>\n<p>&nbsp;<br \/>\nZwischen 12 und 13 Uhr machen wir eine kurze Mittagspause.<br \/>\n&nbsp;<br \/>\nWir freuen uns sehr, Sie bei uns begr\u00fc\u00dfen zu d\u00fcrfen!<br \/>\n&nbsp;<br \/>\nIhr Team<br \/>\nBeauty Company Weyhe<br \/>\n&nbsp;<\/p>\n<hr \/>\n<p style=\"font-size: 12px;\">(02.09.2017)<\/p>\n<h3>Vorerst keine Massagen \u26a0\ufe0f<\/h3>\n<p>Liebe Kundinnen und Kunden,<br \/>\n&nbsp;<br \/>\nwir werden vorerst leider keine Massagen mehr anbieten. Wir bitten die Einschr\u00e4nkung zu entschuldigen.<\/p>\n<p>Ihr Team<br \/>\nBeauty Company Weyhe<br \/>\n&nbsp;<\/p>\n<hr \/>\n<p style=\"font-size: 12px;\">(15.08.2017)<\/p>\n<h3>Eingeschr\u00e4nkte \u00d6ffnungszeiten \ud83d\udd5c<\/h3>\n<p>Liebe Kundinnen und Kunden,<br \/>\n&nbsp;<br \/>\nvom <strong>06.09.17 bis 11.09.17<\/strong> bleibt das Gesch\u00e4ft \u00fcberwiegend geschlossen. Nur an den Nachmittagen finden wie geplant Fu\u00dfpflege und Massagen statt.<\/p>\n<p>Danach sind wir wieder mit allen Angeboten f\u00fcr Sie da!<\/p>\n<p>Ihr Team<br \/>\nBeauty Company Weyhe<br \/>\n&nbsp;<\/p>\n<hr \/>\n<p style=\"font-size: 12px;\">(14.08.2017)<\/p>\n<h3>Sugaring ab sofort buchbar \ud83c\udf6f<\/h3>\n<p>Liebe Kundinnen und Kunden,<br \/>\n&nbsp;<br \/>\nab sofort haben wir f\u00fcr Sie das Sugaring als Behandlungsm\u00f6glichkeit im Angebot.<\/p>\n<p>Mehr \u00fcber die Methode erfahren Sie <strong><a href=\"https:\/\/beauty-company-weyhe.de\/index.php\/sugaring\/\">hier<\/a><\/strong>. <\/p>\n<p>Wir freuen uns auf Ihren Besuch!<\/p>\n<p>Ihr Team<br \/>\nBeauty Company Weyhe<br \/>\n&nbsp;<\/p>\n<hr \/>\n<p style=\"font-size: 12px;\">(14.06.2017)<\/p>\n<h3>Sommerpause \ud83d\ude0e\u2600\ufe0f<\/h3>\n<p>Liebe Kundinnen und Kunden,<br \/>\n&nbsp;<br \/>\nwir machen Sommerpause! Unser Gesch\u00e4ft bleibt in der Zeit vom<\/p>\n<h4>22.06.2017 bis 10.07.17<\/h4>\n<p>geschlossen.<br \/>\n&nbsp;<br \/>\nIn diesem Zeitraum befinden sich alle Mitarbeiterinnen im Urlaub.<\/p>\n<p>Wir w\u00fcnschen Ihnen eine entspannte Sommerzeit und freuen uns sehr Sie danach wieder begr\u00fc\u00dfen zu d\u00fcrfen!<\/p>\n<p>Ihr Team<br \/>\nBeauty Company Weyhe<br \/>\n&nbsp;<\/p>\n<hr \/>\n<p style=\"font-size: 12px;\">(17.05.2017)<\/p>\n<h3>Himmelfahrt \ud83d\ude07<\/h3>\n<p>Liebe Kundinnen und Kunden,<br \/>\n&nbsp;<br \/>\nunser Gesch\u00e4ft bleibt in der Zeit vom<\/p>\n<h4>25.05.2017 bis 29.05.17<\/h4>\n<p>geschlossen.<br \/>\n&nbsp;<br \/>\nIn diesem Zeitraum befinden sich alle Mitarbeiterinnen im Urlaub.<\/p>\n<p>Gerne sind wir ab Dienstag, den <strong>30.05.17<\/strong>, wieder f\u00fcr Sie da. <\/p>\n<p>Ihr Team<br \/>\nBeauty Company Weyhe<br \/>\n&nbsp;<\/p>\n<hr \/>\n<p style=\"font-size: 12px;\">(16.05.2017)<\/p>\n<h3>Einschr\u00e4nkung im Angebot \ud83d\udeab<\/h3>\n<p>Liebe Kundinnen und Kunden,<br \/>\n&nbsp;<br \/>\nleider kann die Beauty Company Weyhe bis voraussichtlich Ende Juni keine Massagen anbieten.<\/p>\n<p>Wir bitten die Einschr\u00e4nkung zu entschuldigen und wollen Sie schnellstm\u00f6glich wieder mit wohltuenden Massagen verw\u00f6hnen!<\/p>\n<p>Ihr Team<br \/>\nBeauty Company Weyhe<br \/>\n&nbsp;<\/p>\n<hr \/>\n<p style=\"font-size: 12px;\">(11.03.2017)<\/p>\n<h3>Betriebsurlaub \ud83d\udc30\ud83d\udc23<\/h3>\n<p>Liebe Kundinnen und Kunden,<br \/>\n&nbsp;<br \/>\nunser Gesch\u00e4ft macht Betriebsurlaub und bleibt in der Zeit vom<\/p>\n<h4>10.04.17 bis 16.04.17<\/h4>\n<p>geschlossen.<br \/>\n&nbsp;<br \/>\nIn diesem Zeitraum befinden sich alle Mitarbeiterinnen im Urlaub.<\/p>\n<p>Gerne sind wir ab Dienstag, den <strong>18.04.17<\/strong>, wieder f\u00fcr Sie da. <\/p>\n<p>Wir w\u00fcnschen Ihnen und Ihrer Familien, ein frohes Osterfest im kreise Ihrer liebsten und verbleiben mit besten Gr\u00fc\u00dfen <\/p>\n<p>Ihr Team<br \/>\nBeauty Company Weyhe<br \/>\n&nbsp;<\/p>\n<hr \/>\n<p style=\"font-size: 12px;\">(10.03.2017)<\/p>\n<h3>Fortbildung \ud83d\udcc8\ud83d\udcdd<\/h3>\n<p>Liebe Kundinnen, liebe Kunden,<br \/>\n&nbsp;<br \/>\nwir bilden uns f\u00fcr Sie weiter! Daher bleibt unser Gesch\u00e4ft am <\/p>\n<h4>15.03.17 und 10.05.17<\/h4>\n<p>geschlossen.<br \/>\n&nbsp;<br \/>\nGerne sind wir ab Donnerstags wieder f\u00fcr Sie da. <\/p>\n<p>Wir freuen uns auf Sie!<\/p>\n<p>Mit besten Gr\u00fc\u00dfen<br \/>\nIhr Team Beauty Company Weyhe<br \/>\n&nbsp;<\/p>\n<hr \/>\n<p style=\"font-size: 12px;\">(20.12.2016)<\/p>\n<h3>Weihnachtspause<\/h3>\n<p><img loading=\"lazy\" decoding=\"async\" src=\"https:\/\/beauty-company-weyhe.de\/wp-content\/uploads\/2015\/10\/WhatsApp-Image-2016-12-20-at-11.54.52-245x300.jpeg\" alt=\"\" width=\"245\" height=\"300\" class=\"alignright size-wcfixedheightmedium wp-image-766\" srcset=\"https:\/\/beauty-company-weyhe.de\/wp-content\/uploads\/2015\/10\/WhatsApp-Image-2016-12-20-at-11.54.52-245x300.jpeg 245w, https:\/\/beauty-company-weyhe.de\/wp-content\/uploads\/2015\/10\/WhatsApp-Image-2016-12-20-at-11.54.52-768x940.jpeg 768w, https:\/\/beauty-company-weyhe.de\/wp-content\/uploads\/2015\/10\/WhatsApp-Image-2016-12-20-at-11.54.52-250x306.jpeg 250w, https:\/\/beauty-company-weyhe.de\/wp-content\/uploads\/2015\/10\/WhatsApp-Image-2016-12-20-at-11.54.52-550x673.jpeg 550w, https:\/\/beauty-company-weyhe.de\/wp-content\/uploads\/2015\/10\/WhatsApp-Image-2016-12-20-at-11.54.52-147x180.jpeg 147w, https:\/\/beauty-company-weyhe.de\/wp-content\/uploads\/2015\/10\/WhatsApp-Image-2016-12-20-at-11.54.52-409x500.jpeg 409w, https:\/\/beauty-company-weyhe.de\/wp-content\/uploads\/2015\/10\/WhatsApp-Image-2016-12-20-at-11.54.52.jpeg 783w\" sizes=\"auto, (max-width: 245px) 100vw, 245px\" \/>Liebe Kundinnen und Kunden,<br \/>\nwir haben das letzte Lichtlein auf dem Kranz angez\u00fcndet und gehen in die besinnliche Woche vor Weihnachten.<\/p>\n<p>Schnelllebig ist die Zeit, nichts ist selbstverst\u00e4ndlich. F\u00fcr uns ist jede\/jeder einzelne von Ihnen wichtig. Ein Gesch\u00e4ft ist nur ein Gesch\u00e4ft, wenn es mit liebevollen Ereignissen und Menschen gef\u00fcllt wird und Kunden es auch lieben. <\/p>\n<p>Daf\u00fcr m\u00f6chten wir heute allen \u2764-lich Danke sagen. <\/p>\n<p>Wir w\u00fcnschen Ihnen sch\u00f6ne besinnliche Stunden im Kreise ihrer Liebsten.<\/p>\n<p>Starten Sie gesund und munter in Ihr pers\u00f6nliches Jahr 2017, mit viel Gl\u00fcck und Gesundheit.<br \/>\n&nbsp;<br \/>\nMit herzlichen Gr\u00fc\u00dfen <\/p>\n<p>Jessica Ryberg und Erika Plaumann<br \/>\n&nbsp;<\/p>\n<hr \/>\n<p style=\"font-size: 12px;\">(14.11.2016)<\/p>\n<h3>Herbstmarkt in Kirchweyhe am 6. November &#8211; R\u00fcckblick<\/h3>\n<p>Am 6. November fand der Herbstmarkt in Kirchweyhe statt. Viele von Ihnen haben dort die M\u00f6glichkeit genutzt, die Beauty Company Weyhe n\u00e4her kennenzulernen. Trotz des durchwachsenen Wetters blicken wir auf einen erfolgreichen Nachmittag zur\u00fcck. Hier ein paar Impressionen:<\/p>\n<div class=\"wc-gallery\"><div id='gallery-2' data-gutter-width='5' data-columns='1' class='gallery wc-gallery-captions-hide gallery-link-none gallery-masonry galleryid-835 gallery-columns-1 gallery-size-medium wc-gallery-bottomspace-default wc-gallery-clear'><div class='gallery-item gallery-item-position-1 gallery-item-attachment-724'>\n\t\t\t\t<div class='gallery-icon portrait'>\n\t\t\t\t\t<img loading=\"lazy\" decoding=\"async\" width=\"225\" height=\"300\" src=\"https:\/\/beauty-company-weyhe.de\/wp-content\/uploads\/2015\/10\/WhatsApp-Image-2016-11-14-at-16.31.53-225x300.jpeg\" class=\"attachment-medium size-medium no-lazy\" alt=\"\" srcset=\"https:\/\/beauty-company-weyhe.de\/wp-content\/uploads\/2015\/10\/WhatsApp-Image-2016-11-14-at-16.31.53-225x300.jpeg 225w, https:\/\/beauty-company-weyhe.de\/wp-content\/uploads\/2015\/10\/WhatsApp-Image-2016-11-14-at-16.31.53-768x1024.jpeg 768w, https:\/\/beauty-company-weyhe.de\/wp-content\/uploads\/2015\/10\/WhatsApp-Image-2016-11-14-at-16.31.53-250x333.jpeg 250w, https:\/\/beauty-company-weyhe.de\/wp-content\/uploads\/2015\/10\/WhatsApp-Image-2016-11-14-at-16.31.53-550x733.jpeg 550w, https:\/\/beauty-company-weyhe.de\/wp-content\/uploads\/2015\/10\/WhatsApp-Image-2016-11-14-at-16.31.53-800x1067.jpeg 800w, https:\/\/beauty-company-weyhe.de\/wp-content\/uploads\/2015\/10\/WhatsApp-Image-2016-11-14-at-16.31.53-135x180.jpeg 135w, https:\/\/beauty-company-weyhe.de\/wp-content\/uploads\/2015\/10\/WhatsApp-Image-2016-11-14-at-16.31.53-375x500.jpeg 375w, https:\/\/beauty-company-weyhe.de\/wp-content\/uploads\/2015\/10\/WhatsApp-Image-2016-11-14-at-16.31.53.jpeg 1200w\" sizes=\"auto, (max-width: 225px) 100vw, 225px\" \/>\n\t\t\t\t<\/div><\/div><div class='gallery-item gallery-item-position-2 gallery-item-attachment-728'>\n\t\t\t\t<div class='gallery-icon portrait'>\n\t\t\t\t\t<img loading=\"lazy\" decoding=\"async\" width=\"225\" height=\"300\" src=\"https:\/\/beauty-company-weyhe.de\/wp-content\/uploads\/2015\/10\/WhatsApp-Image-2016-11-14-at-16.32.06-225x300.jpeg\" class=\"attachment-medium size-medium no-lazy\" alt=\"\" srcset=\"https:\/\/beauty-company-weyhe.de\/wp-content\/uploads\/2015\/10\/WhatsApp-Image-2016-11-14-at-16.32.06-225x300.jpeg 225w, https:\/\/beauty-company-weyhe.de\/wp-content\/uploads\/2015\/10\/WhatsApp-Image-2016-11-14-at-16.32.06-768x1024.jpeg 768w, https:\/\/beauty-company-weyhe.de\/wp-content\/uploads\/2015\/10\/WhatsApp-Image-2016-11-14-at-16.32.06-250x333.jpeg 250w, https:\/\/beauty-company-weyhe.de\/wp-content\/uploads\/2015\/10\/WhatsApp-Image-2016-11-14-at-16.32.06-550x733.jpeg 550w, https:\/\/beauty-company-weyhe.de\/wp-content\/uploads\/2015\/10\/WhatsApp-Image-2016-11-14-at-16.32.06-800x1067.jpeg 800w, https:\/\/beauty-company-weyhe.de\/wp-content\/uploads\/2015\/10\/WhatsApp-Image-2016-11-14-at-16.32.06-135x180.jpeg 135w, https:\/\/beauty-company-weyhe.de\/wp-content\/uploads\/2015\/10\/WhatsApp-Image-2016-11-14-at-16.32.06-375x500.jpeg 375w, https:\/\/beauty-company-weyhe.de\/wp-content\/uploads\/2015\/10\/WhatsApp-Image-2016-11-14-at-16.32.06.jpeg 1200w\" sizes=\"auto, (max-width: 225px) 100vw, 225px\" \/>\n\t\t\t\t<\/div><\/div><div class='gallery-item gallery-item-position-3 gallery-item-attachment-725'>\n\t\t\t\t<div class='gallery-icon portrait'>\n\t\t\t\t\t<img loading=\"lazy\" decoding=\"async\" width=\"225\" height=\"300\" src=\"https:\/\/beauty-company-weyhe.de\/wp-content\/uploads\/2015\/10\/WhatsApp-Image-2016-11-14-at-16.31.55-225x300.jpeg\" class=\"attachment-medium size-medium no-lazy\" alt=\"\" srcset=\"https:\/\/beauty-company-weyhe.de\/wp-content\/uploads\/2015\/10\/WhatsApp-Image-2016-11-14-at-16.31.55-225x300.jpeg 225w, https:\/\/beauty-company-weyhe.de\/wp-content\/uploads\/2015\/10\/WhatsApp-Image-2016-11-14-at-16.31.55-768x1024.jpeg 768w, https:\/\/beauty-company-weyhe.de\/wp-content\/uploads\/2015\/10\/WhatsApp-Image-2016-11-14-at-16.31.55-250x333.jpeg 250w, https:\/\/beauty-company-weyhe.de\/wp-content\/uploads\/2015\/10\/WhatsApp-Image-2016-11-14-at-16.31.55-550x733.jpeg 550w, https:\/\/beauty-company-weyhe.de\/wp-content\/uploads\/2015\/10\/WhatsApp-Image-2016-11-14-at-16.31.55-800x1067.jpeg 800w, https:\/\/beauty-company-weyhe.de\/wp-content\/uploads\/2015\/10\/WhatsApp-Image-2016-11-14-at-16.31.55-135x180.jpeg 135w, https:\/\/beauty-company-weyhe.de\/wp-content\/uploads\/2015\/10\/WhatsApp-Image-2016-11-14-at-16.31.55-375x500.jpeg 375w, https:\/\/beauty-company-weyhe.de\/wp-content\/uploads\/2015\/10\/WhatsApp-Image-2016-11-14-at-16.31.55.jpeg 1200w\" sizes=\"auto, (max-width: 225px) 100vw, 225px\" \/>\n\t\t\t\t<\/div><\/div><div class='gallery-item gallery-item-position-4 gallery-item-attachment-727'>\n\t\t\t\t<div class='gallery-icon portrait'>\n\t\t\t\t\t<img loading=\"lazy\" decoding=\"async\" width=\"225\" height=\"300\" src=\"https:\/\/beauty-company-weyhe.de\/wp-content\/uploads\/2015\/10\/WhatsApp-Image-2016-11-14-at-16.32.06-1-225x300.jpeg\" class=\"attachment-medium size-medium no-lazy\" alt=\"\" srcset=\"https:\/\/beauty-company-weyhe.de\/wp-content\/uploads\/2015\/10\/WhatsApp-Image-2016-11-14-at-16.32.06-1-225x300.jpeg 225w, https:\/\/beauty-company-weyhe.de\/wp-content\/uploads\/2015\/10\/WhatsApp-Image-2016-11-14-at-16.32.06-1-768x1024.jpeg 768w, https:\/\/beauty-company-weyhe.de\/wp-content\/uploads\/2015\/10\/WhatsApp-Image-2016-11-14-at-16.32.06-1-250x333.jpeg 250w, https:\/\/beauty-company-weyhe.de\/wp-content\/uploads\/2015\/10\/WhatsApp-Image-2016-11-14-at-16.32.06-1-550x733.jpeg 550w, https:\/\/beauty-company-weyhe.de\/wp-content\/uploads\/2015\/10\/WhatsApp-Image-2016-11-14-at-16.32.06-1-800x1067.jpeg 800w, https:\/\/beauty-company-weyhe.de\/wp-content\/uploads\/2015\/10\/WhatsApp-Image-2016-11-14-at-16.32.06-1-135x180.jpeg 135w, https:\/\/beauty-company-weyhe.de\/wp-content\/uploads\/2015\/10\/WhatsApp-Image-2016-11-14-at-16.32.06-1-375x500.jpeg 375w, https:\/\/beauty-company-weyhe.de\/wp-content\/uploads\/2015\/10\/WhatsApp-Image-2016-11-14-at-16.32.06-1.jpeg 1200w\" sizes=\"auto, (max-width: 225px) 100vw, 225px\" \/>\n\t\t\t\t<\/div><\/div><div class='gallery-item gallery-item-position-5 gallery-item-attachment-719'>\n\t\t\t\t<div class='gallery-icon portrait'>\n\t\t\t\t\t<img loading=\"lazy\" decoding=\"async\" width=\"225\" height=\"300\" src=\"https:\/\/beauty-company-weyhe.de\/wp-content\/uploads\/2015\/10\/WhatsApp-Image-2016-11-14-at-16.31.30-1-225x300.jpeg\" class=\"attachment-medium size-medium no-lazy\" alt=\"\" srcset=\"https:\/\/beauty-company-weyhe.de\/wp-content\/uploads\/2015\/10\/WhatsApp-Image-2016-11-14-at-16.31.30-1-225x300.jpeg 225w, https:\/\/beauty-company-weyhe.de\/wp-content\/uploads\/2015\/10\/WhatsApp-Image-2016-11-14-at-16.31.30-1-768x1024.jpeg 768w, https:\/\/beauty-company-weyhe.de\/wp-content\/uploads\/2015\/10\/WhatsApp-Image-2016-11-14-at-16.31.30-1-250x333.jpeg 250w, https:\/\/beauty-company-weyhe.de\/wp-content\/uploads\/2015\/10\/WhatsApp-Image-2016-11-14-at-16.31.30-1-550x733.jpeg 550w, https:\/\/beauty-company-weyhe.de\/wp-content\/uploads\/2015\/10\/WhatsApp-Image-2016-11-14-at-16.31.30-1-800x1067.jpeg 800w, https:\/\/beauty-company-weyhe.de\/wp-content\/uploads\/2015\/10\/WhatsApp-Image-2016-11-14-at-16.31.30-1-135x180.jpeg 135w, https:\/\/beauty-company-weyhe.de\/wp-content\/uploads\/2015\/10\/WhatsApp-Image-2016-11-14-at-16.31.30-1-375x500.jpeg 375w, https:\/\/beauty-company-weyhe.de\/wp-content\/uploads\/2015\/10\/WhatsApp-Image-2016-11-14-at-16.31.30-1.jpeg 1200w\" sizes=\"auto, (max-width: 225px) 100vw, 225px\" \/>\n\t\t\t\t<\/div><\/div><div class='gallery-item gallery-item-position-6 gallery-item-attachment-723'>\n\t\t\t\t<div class='gallery-icon portrait'>\n\t\t\t\t\t<img loading=\"lazy\" decoding=\"async\" width=\"225\" height=\"300\" src=\"https:\/\/beauty-company-weyhe.de\/wp-content\/uploads\/2015\/10\/WhatsApp-Image-2016-11-14-at-16.31.52-225x300.jpeg\" class=\"attachment-medium size-medium no-lazy\" alt=\"\" srcset=\"https:\/\/beauty-company-weyhe.de\/wp-content\/uploads\/2015\/10\/WhatsApp-Image-2016-11-14-at-16.31.52-225x300.jpeg 225w, https:\/\/beauty-company-weyhe.de\/wp-content\/uploads\/2015\/10\/WhatsApp-Image-2016-11-14-at-16.31.52-768x1024.jpeg 768w, https:\/\/beauty-company-weyhe.de\/wp-content\/uploads\/2015\/10\/WhatsApp-Image-2016-11-14-at-16.31.52-250x333.jpeg 250w, https:\/\/beauty-company-weyhe.de\/wp-content\/uploads\/2015\/10\/WhatsApp-Image-2016-11-14-at-16.31.52-550x733.jpeg 550w, https:\/\/beauty-company-weyhe.de\/wp-content\/uploads\/2015\/10\/WhatsApp-Image-2016-11-14-at-16.31.52-800x1067.jpeg 800w, https:\/\/beauty-company-weyhe.de\/wp-content\/uploads\/2015\/10\/WhatsApp-Image-2016-11-14-at-16.31.52-135x180.jpeg 135w, https:\/\/beauty-company-weyhe.de\/wp-content\/uploads\/2015\/10\/WhatsApp-Image-2016-11-14-at-16.31.52-375x500.jpeg 375w, https:\/\/beauty-company-weyhe.de\/wp-content\/uploads\/2015\/10\/WhatsApp-Image-2016-11-14-at-16.31.52.jpeg 1200w\" sizes=\"auto, (max-width: 225px) 100vw, 225px\" \/>\n\t\t\t\t<\/div><\/div><div class='gallery-item gallery-item-position-7 gallery-item-attachment-721'>\n\t\t\t\t<div class='gallery-icon portrait'>\n\t\t\t\t\t<img loading=\"lazy\" decoding=\"async\" width=\"225\" height=\"300\" src=\"https:\/\/beauty-company-weyhe.de\/wp-content\/uploads\/2015\/10\/WhatsApp-Image-2016-11-14-at-16.31.30-225x300.jpeg\" class=\"attachment-medium size-medium no-lazy\" alt=\"\" srcset=\"https:\/\/beauty-company-weyhe.de\/wp-content\/uploads\/2015\/10\/WhatsApp-Image-2016-11-14-at-16.31.30-225x300.jpeg 225w, https:\/\/beauty-company-weyhe.de\/wp-content\/uploads\/2015\/10\/WhatsApp-Image-2016-11-14-at-16.31.30-250x333.jpeg 250w, https:\/\/beauty-company-weyhe.de\/wp-content\/uploads\/2015\/10\/WhatsApp-Image-2016-11-14-at-16.31.30-550x733.jpeg 550w, https:\/\/beauty-company-weyhe.de\/wp-content\/uploads\/2015\/10\/WhatsApp-Image-2016-11-14-at-16.31.30-135x180.jpeg 135w, https:\/\/beauty-company-weyhe.de\/wp-content\/uploads\/2015\/10\/WhatsApp-Image-2016-11-14-at-16.31.30-375x500.jpeg 375w, https:\/\/beauty-company-weyhe.de\/wp-content\/uploads\/2015\/10\/WhatsApp-Image-2016-11-14-at-16.31.30.jpeg 720w\" sizes=\"auto, (max-width: 225px) 100vw, 225px\" \/>\n\t\t\t\t<\/div><\/div><div class='gallery-item gallery-item-position-8 gallery-item-attachment-720'>\n\t\t\t\t<div class='gallery-icon portrait'>\n\t\t\t\t\t<img loading=\"lazy\" decoding=\"async\" width=\"225\" height=\"300\" src=\"https:\/\/beauty-company-weyhe.de\/wp-content\/uploads\/2015\/10\/WhatsApp-Image-2016-11-14-at-16.31.30-2-225x300.jpeg\" class=\"attachment-medium size-medium no-lazy\" alt=\"\" srcset=\"https:\/\/beauty-company-weyhe.de\/wp-content\/uploads\/2015\/10\/WhatsApp-Image-2016-11-14-at-16.31.30-2-225x300.jpeg 225w, https:\/\/beauty-company-weyhe.de\/wp-content\/uploads\/2015\/10\/WhatsApp-Image-2016-11-14-at-16.31.30-2-768x1024.jpeg 768w, https:\/\/beauty-company-weyhe.de\/wp-content\/uploads\/2015\/10\/WhatsApp-Image-2016-11-14-at-16.31.30-2-250x333.jpeg 250w, https:\/\/beauty-company-weyhe.de\/wp-content\/uploads\/2015\/10\/WhatsApp-Image-2016-11-14-at-16.31.30-2-550x733.jpeg 550w, https:\/\/beauty-company-weyhe.de\/wp-content\/uploads\/2015\/10\/WhatsApp-Image-2016-11-14-at-16.31.30-2-800x1067.jpeg 800w, https:\/\/beauty-company-weyhe.de\/wp-content\/uploads\/2015\/10\/WhatsApp-Image-2016-11-14-at-16.31.30-2-135x180.jpeg 135w, https:\/\/beauty-company-weyhe.de\/wp-content\/uploads\/2015\/10\/WhatsApp-Image-2016-11-14-at-16.31.30-2-375x500.jpeg 375w, https:\/\/beauty-company-weyhe.de\/wp-content\/uploads\/2015\/10\/WhatsApp-Image-2016-11-14-at-16.31.30-2.jpeg 1200w\" sizes=\"auto, (max-width: 225px) 100vw, 225px\" \/>\n\t\t\t\t<\/div><\/div><div class='gallery-item gallery-item-position-9 gallery-item-attachment-722'>\n\t\t\t\t<div class='gallery-icon portrait'>\n\t\t\t\t\t<img loading=\"lazy\" decoding=\"async\" width=\"225\" height=\"300\" src=\"https:\/\/beauty-company-weyhe.de\/wp-content\/uploads\/2015\/10\/WhatsApp-Image-2016-11-14-at-16.31.31-225x300.jpeg\" class=\"attachment-medium size-medium no-lazy\" alt=\"\" srcset=\"https:\/\/beauty-company-weyhe.de\/wp-content\/uploads\/2015\/10\/WhatsApp-Image-2016-11-14-at-16.31.31-225x300.jpeg 225w, https:\/\/beauty-company-weyhe.de\/wp-content\/uploads\/2015\/10\/WhatsApp-Image-2016-11-14-at-16.31.31-768x1024.jpeg 768w, https:\/\/beauty-company-weyhe.de\/wp-content\/uploads\/2015\/10\/WhatsApp-Image-2016-11-14-at-16.31.31-250x333.jpeg 250w, https:\/\/beauty-company-weyhe.de\/wp-content\/uploads\/2015\/10\/WhatsApp-Image-2016-11-14-at-16.31.31-550x733.jpeg 550w, https:\/\/beauty-company-weyhe.de\/wp-content\/uploads\/2015\/10\/WhatsApp-Image-2016-11-14-at-16.31.31-800x1067.jpeg 800w, https:\/\/beauty-company-weyhe.de\/wp-content\/uploads\/2015\/10\/WhatsApp-Image-2016-11-14-at-16.31.31-135x180.jpeg 135w, https:\/\/beauty-company-weyhe.de\/wp-content\/uploads\/2015\/10\/WhatsApp-Image-2016-11-14-at-16.31.31-375x500.jpeg 375w, https:\/\/beauty-company-weyhe.de\/wp-content\/uploads\/2015\/10\/WhatsApp-Image-2016-11-14-at-16.31.31.jpeg 1200w\" sizes=\"auto, (max-width: 225px) 100vw, 225px\" \/>\n\t\t\t\t<\/div><\/div><\/div>\n<\/div>\n<p>Wir w\u00fcrden uns freuen, wenn Sie uns mal wieder besuchen!<br \/>\n&nbsp;<br \/>\nIhre Beauty Company Weyhe<br \/>\n&nbsp;<\/p>\n<hr \/>\n<p style=\"font-size: 12px;\">(02.11.2016)<\/p>\n<h3>Herbstmarkt in Kirchweyhe am 6. November<\/h3>\n<p>Am kommenden Sonntag, den 6. November, ist die Beauty Company Weyhe auf dem Herbstmarkt in Kirchweyhe vertreten. Lernen Sie dort zwischen 13 und 18 Uhr unsere R\u00e4umlichkeiten und unser vielseitiges Angebot kennen und genie\u00dfen Sie eine Probemassage. Gegen eine kleine Spende, die dem Kinderhospiz &#8222;L\u00f6wenherz&#8220; zugute kommt, k\u00f6nnen Sie sich bei Kaffee und Kuchen auf einen wunderbaren Nachmittag freuen!<br \/>\n&nbsp;<br \/>\nWir freuen uns auf Sie!<br \/>\n&nbsp;<br \/>\nIhre Beauty Company Weyhe<br \/>\n&nbsp;<br \/>\nFlyer: <a href=\"https:\/\/beauty-company-weyhe.de\/wp-content\/uploads\/2016\/11\/Herbst-Flyer.pdf\" target=\"_blank\">Vorderseite<\/a> | <a href=\"https:\/\/beauty-company-weyhe.de\/wp-content\/uploads\/2016\/11\/Herbst-Flyer-heck.pdf\" target=\"_blank\">R\u00fcckseite<\/a><\/p>\n<hr \/>\n<p style=\"font-size: 12px;\">(03.07.2016)<\/p>\n<h3>Betriebsurlaub<\/h3>\n<p>Liebe Kundinnen und Kunden, unser Gesch\u00e4ft macht Betriebsferien! In diesem Zeitraum befinden sich alle Mitarbeiter im Urlaub.<br \/>\n&nbsp;<br \/>\nGerne sind wir wieder ab Dienstag, den 19.07.2016, wieder f\u00fcr Sie da. Wir w\u00fcnschen Ihnen und Ihrer Familie eine sch\u00f6ne und sonnige Sommerzeit!<br \/>\n&nbsp;<br \/>\nIhre Beauty Company Weyhe<\/p>\n<hr \/>\n<p style=\"font-size: 12px;\">(01.06.2016)<\/p>\n<h3>Inhaberwechsel<\/h3>\n<p>Seit dem 1. April 2016 hat die Beauty Company Weyhe eine neue Inhaberin! Fortan wird <a href=\"https:\/\/beauty-company-weyhe.de\/index.php\/team\/\">Jessica Ryberg<\/a>, die bisher als professionelle und leidenschaftliche Wimpernstylistin in der Beauty Company Weyhe agierte sowie die Diamant-Microdermabrasion und Fruchts\u00e4urebehandlung anbietet, die Position von Janine Barfu\u00df einnehmen. Frau Barfu\u00df bleibt dem Hause als medizinische Kosmetikerin weiterhin erhalten.<\/p>\n<p>Die Beauty Company Weyhe freut sich auch in Zukunft darauf, Ihren Kunden ein au\u00dfergew\u00f6hnlich luxuri\u00f6ses Angebot zu bieten!<br \/>\n&nbsp;<br \/>\n<img loading=\"lazy\" decoding=\"async\" src=\"https:\/\/beauty-company-weyhe.de\/wp-content\/uploads\/2015\/10\/Jessica_Ryberg.jpg\" alt=\"Jessica_Ryberg\" width=\"720\" height=\"480\" class=\"aligncenter size-full wp-image-621\" srcset=\"https:\/\/beauty-company-weyhe.de\/wp-content\/uploads\/2015\/10\/Jessica_Ryberg.jpg 960w, https:\/\/beauty-company-weyhe.de\/wp-content\/uploads\/2015\/10\/Jessica_Ryberg-300x200.jpg 300w, https:\/\/beauty-company-weyhe.de\/wp-content\/uploads\/2015\/10\/Jessica_Ryberg-768x512.jpg 768w\" sizes=\"auto, (max-width: 720px) 100vw, 720px\" \/><\/p>\n<hr \/>\n<p style=\"font-size: 12px;\">(08.02.2016)<\/p>\n<h3>Wir sind auf dem Fr\u00fchlingsfest in Kirchweyhe <\/h3>\n<p>Am Sonntag, 20.03.2016 findet das Fr\u00fchlingsfest statt. Besuchen Sie uns doch einmal am Tag der offenen T\u00fcr und lernen Sie uns und unsere Angebote bei einem kleinen Snack kennen. <\/p>\n<p>Wir freuen uns Sie kennenzulernen!  <\/p>\n<hr \/>\n<p style=\"font-size: 12px;\">(20.01.2016)<\/p>\n<h3>Kosmetik International &#8211; Ein Portrait der Beauty Company Weyhe<\/h3>\n<p>Diesen Monat erschien in der Zeitschrift &#8222;Kosmetik International&#8220; ein kleiner Artikel \u00fcber die Gemeinde Weyhe. Auch die Beauty Company wurde darin kurz portraitiert. Leider wollte die Gemeinde Weyhe f\u00fcr diesen Artikel keine Bilder zur Verf\u00fcgung stellen, aber auf Initiative meiner Kunden entstanden die wundersch\u00f6nen Bilder in diesem Beitrag.<\/p>\n<p>Deswegen m\u00f6chte ich mich an dieser Stelle sehr herzlich bei meinen tollen Kunden aus Weyhe bedanken! Durch eure Unterst\u00fctzung wurde der Artikel doch noch m\u00f6glich gemacht.<\/p>\n<p>Hier k\u00f6nnt Ihr euch den Artikel ansehen: <strong><a href=\"https:\/\/beauty-company-weyhe.de\/wp-content\/uploads\/2015\/10\/116_117_Ki0116.pdf\">Kosmetik International (2016\/01)<\/a><\/strong><\/p>\n<hr \/>\n<p style=\"font-size: 12px;\">(15.01.2016)<\/p>\n<h3>Unsere neuen Winterangebote &#8211; hochwertige Pflege von Kleanthous.<\/h3>\n<p><strong>Der optimale Winterschutz mit Langzeitwirkung f\u00fcr Ihre Haut, unter anderem mit:<\/strong><\/p>\n<p>1. fresh up treatment<\/p>\n<ul>\n<li>Intensives Peeling mit Reinigung<\/li>\n<li>Vitamin C-Maske<\/li>\n<li>Straffungsserum<\/li>\n<li>Sonoresonanztherapy mit Farblicht<\/li>\n<li>Anti Aging Activator<\/li>\n<li>Akupressurmassage<\/li>\n<li>Abschlusspflege individuell<\/li>\n<\/ul>\n<p><strong>Eine \u00dcbersicht aller Angebote sowie eine vollst\u00e4ndige Preisliste gibt es <a href=\"https:\/\/beauty-company-weyhe.de\/index.php\/angebote\/\">hier<\/a><\/strong>.<\/p>\n<hr \/>\n<p style=\"font-size: 12px;\">(15.11.2015)<\/p>\n<h3>Herbstmarkt in Kirchweyhe<\/h3>\n<p>Am 8. November 2015 fand der <strong>HERBSTMARKT<\/strong> in Kirchweyhe statt. Auch die Beauty Company Weyhe war vor Ort und konnte einigen Interessierten die leidenschaftliche Arbeit sowie die zahlreichen Angebote und Leistungen in unserem Betrieb n\u00e4her bringen.<\/p>\n<p>Abschlie\u00dfend blicken wir auf einen ereignisreichen Tag zur\u00fcck und hoffen, dass wir Sie demn\u00e4chst bei uns als Kunde begr\u00fc\u00dfen d\u00fcrfen!<\/p>\n<div id=\"grid-gallery-4-48698\" data-gg-id=\"4\" data-title=\"Herbstmarkt \" data-grid-type=\"0\" data-offset=\"5.3\" data-area-position=\"center\" data-icons=\"\" data-preloader=\"\" data-width=\"215\" data-height=\"215\" data-padding=\"0\" data-quicksand=\"disabled\" data-quicksand-duration=\"none\" data-popup-type=\"disable\" data-popup-image-text=\"title\" data-popup-widthsize=\"auto\" data-popup-heightsize=\"auto\" data-popup-i18n-words=\"{&quot;close&quot;:&quot;schlie\\u00dfen&quot;,&quot;next&quot;:&quot;n\\u00e4chste&quot;,&quot;previous&quot;:&quot;vorherige&quot;,&quot;start_slideshow&quot;:&quot;Starte Slideshow&quot;,&quot;stop_slideshow&quot;:&quot;Stoppe Slideshow&quot;,&quot;image&quot;:&quot;Bild&quot;,&quot;of&quot;:&quot;von&quot;,&quot;prev&quot;:&quot;vorherige&quot;,&quot;cExpand&quot;:&quot;Erweitere&quot;,&quot;cPrevious&quot;:&quot;Vorheriges&quot;,&quot;cNext&quot;:&quot;N\\u00e4chstes&quot;,&quot;cExpandStr&quot;:&quot;Erweitere Bild&quot;,&quot;cRotate&quot;:&quot;Rotate&quot;,&quot;cDetails&quot;:&quot;Details&quot;}\" data-popup-slideshow=\"true\" data-popup-slideshow-speed=\"2500\" data-popup-hoverstop=\"true\" data-popup-slideshow-auto=\"true\" data-popup-background=\"\" data-popup-transparency=\"30\" data-popup-disable-history=\"\" data-popup-disable-changed-url=\"\" data-popup-border-type=\"\" data-popup-border-color=\"\" data-popup-border-width=\"\" data-popup-border-enable=\"\" data-fullscreen=\"false\" data-hide-tooltip=\"false\" data-caption-font-family=\"Default\" data-caption-text-size=\"140\" data-is-mobile=\"0\" data-caption-mobile=\"false\" data-hide-long-tltp-title=\"0\" data-caption-disabled-on-mobile=\"false\" data-popup-placement-type=\"0\" data-social-sharing=\"{&quot;enabled&quot;:null,&quot;gallerySharing&quot;:{&quot;enabled&quot;:null,&quot;position&quot;:null},&quot;imageSharing&quot;:{&quot;enabled&quot;:null,&quot;wrapperClass&quot;:&quot; vertical &quot;},&quot;popupSharing&quot;:{&quot;enabled&quot;:null,&quot;wrapperClass&quot;:&quot; vertical &quot;}}\" class=\"grid-gallery grid-gallery-fixed \" style=\" width:100%; height:auto; margin-left:auto; margin-right:auto;position:relative;\"> <div class=\"gallery-loading\"> <div class=\"blocks\"> <div class=\"block\"><\/div> <div class=\"block\"><\/div> <div class=\"block\"><\/div> <div class=\"block\"><\/div> <\/div> <\/div> <div class=\"gallery-sharing-top\" style=\"display:none;\"> <\/div> <div id=\"photos-4\" class=\"grid-gallery-photos\"><FIGURE class=\"grid-gallery-caption\" data-grid-gallery-type=\"quarter-slide-up\" data-index=\"0\" style=\"display:none;border-radius:00;; margin:5.3px; width:2150;\" ><div class=\"crop\" style=\" width:2150; height:2150; overflow:hidden;\"><img decoding=\"async\" src=\"https:\/\/beauty-company-weyhe.de\/wp-content\/uploads\/2015\/11\/Herbstmarkt_1-215x215.jpg\" class=\"ggImg\" alt=\"Das Team der Beauty Company Weyhe\" title=\"Das Team der Beauty Company Weyhe\" data-description=\"Das Team der Beauty Company Weyhe\" data-caption=\"Das Team der Beauty Company Weyhe hei\u00dft Sie willkommen.\" data-title=\"Das Team der Beauty Company Weyhe\" style=\" width:215px; height:215px;\" \/><\/div><FIGCAPTION class=\"\" data-alpha=\"5\" style=\"color:#ffffff; background-color:#00acbf; font-size:140; text-align:left; font-family:Default;\" ><div class=\"grid-gallery-figcaption-wrap\" style=\"\"><\/div><\/FIGCAPTION><\/FIGURE><FIGURE class=\"grid-gallery-caption\" data-grid-gallery-type=\"quarter-slide-up\" data-index=\"1\" style=\"display:none;border-radius:00;; margin:5.3px; width:2150;\" ><div class=\"crop\" style=\" width:2150; height:2150; overflow:hidden;\"><img decoding=\"async\" src=\"https:\/\/beauty-company-weyhe.de\/wp-content\/uploads\/2015\/11\/Herbstmarkt_2-215x215.jpg\" class=\"ggImg\" alt=\"Ein Blick auf den Herbstmarkt\" title=\"Ein Blick auf den Herbstmarkt\" data-description=\"Ein Blick auf den Herbstmarkt\" data-caption=\"Ein Blick auf den Herbstmarkt.\" data-title=\"Ein Blick auf den Herbstmarkt\" style=\" width:215px; height:215px;\" \/><\/div><FIGCAPTION class=\"\" data-alpha=\"5\" style=\"color:#ffffff; background-color:#00acbf; font-size:140; text-align:left; font-family:Default;\" ><div class=\"grid-gallery-figcaption-wrap\" style=\"\"><\/div><\/FIGCAPTION><\/FIGURE><FIGURE class=\"grid-gallery-caption\" data-grid-gallery-type=\"quarter-slide-up\" data-index=\"2\" style=\"display:none;border-radius:00;; margin:5.3px; width:2150;\" ><div class=\"crop\" style=\" width:2150; height:2150; overflow:hidden;\"><img decoding=\"async\" src=\"https:\/\/beauty-company-weyhe.de\/wp-content\/uploads\/2015\/11\/Herbstmarkt_3-215x215.jpg\" class=\"ggImg\" alt=\"Der Eingang der Beauty Company Weyhe\" title=\"Der Eingang der Beauty Company Weyhe\" data-description=\"Der Eingang der Beauty Company Weyhe\" data-caption=\"Der Eingang der Beauty Company Weyhe. \" data-title=\"Der Eingang der Beauty Company Weyhe\" style=\" width:215px; height:215px;\" \/><\/div><FIGCAPTION class=\"\" data-alpha=\"5\" style=\"color:#ffffff; background-color:#00acbf; font-size:140; text-align:left; font-family:Default;\" ><div class=\"grid-gallery-figcaption-wrap\" style=\"\"><\/div><\/FIGCAPTION><\/FIGURE> <div class=\"grid-gallery-clearfix\"><\/div> <\/div> <div class=\"gallery-sharing-bottom\" style=\"display:none;\"> <\/div> <div class=\"gallery-sharing-image\" style=\"display:none;\"> <\/div> <div class=\"gallery-sharing-popup\" style=\"display:none;\"> <\/div> <div class=\"grid-gallery-clearfix\"><\/div> <\/div> <!-- Gallery by Supsystic plugin1.15.33 --><a title=\"WordPress Photo Gallery Plugin\" style=\"display:none;\" href=\"https:\/\/supsystic.com\/plugins\/photo-gallery\/?utm_medium=love_link\" target=\"_blank\">WordPress Photo Gallery Plugin<\/a>\n","protected":false},"excerpt":{"rendered":"<p>(01.10.2018) Herbstpause \ud83c\udf42 Liebe Kundinnen und Kunden, &nbsp; unser Gesch\u00e4ft bleibt in der Zeit vom 05.10.18 &#8211; 06.10.18 geschlossen. &nbsp; Ab Montag, den 8. Oktober, sind wir wieder ganz gewohnt f\u00fcr Sie da. Ihr Team der Beauty Company Weyhe &nbsp; (23.09.2018) Neue Behandlungen von BDR Medical Beauty Concept \ud83d\udd36 Liebe Kundinnen und Kunden, &nbsp; ab [&hellip;]<\/p>\n","protected":false},"author":1,"featured_media":0,"parent":0,"menu_order":0,"comment_status":"closed","ping_status":"closed","template":"","meta":{"jetpack_post_was_ever_published":false,"footnotes":""},"class_list":["post-835","page","type-page","status-publish","czr-hentry"],"yoast_head":"<!-- This site is optimized with the Yoast SEO plugin v27.0 - https:\/\/yoast.com\/product\/yoast-seo-wordpress\/ -->\n<title>News-Archiv - Beauty Company Weyhe<\/title>\n<meta name=\"robots\" content=\"index, follow, max-snippet:-1, max-image-preview:large, max-video-preview:-1\" \/>\n<link rel=\"canonical\" href=\"https:\/\/beauty-company-weyhe.de\/index.php\/news-archiv\/\" \/>\n<meta property=\"og:locale\" content=\"de_DE\" \/>\n<meta property=\"og:type\" content=\"article\" \/>\n<meta property=\"og:title\" content=\"News-Archiv - Beauty Company Weyhe\" \/>\n<meta property=\"og:description\" content=\"(01.10.2018) Herbstpause \ud83c\udf42 Liebe Kundinnen und Kunden, &nbsp; unser Gesch\u00e4ft bleibt in der Zeit vom 05.10.18 &#8211; 06.10.18 geschlossen. &nbsp; Ab Montag, den 8. Oktober, sind wir wieder ganz gewohnt f\u00fcr Sie da. Ihr Team der Beauty Company Weyhe &nbsp; (23.09.2018) Neue Behandlungen von BDR Medical Beauty Concept \ud83d\udd36 Liebe Kundinnen und Kunden, &nbsp; ab [&hellip;]\" \/>\n<meta property=\"og:url\" content=\"https:\/\/beauty-company-weyhe.de\/index.php\/news-archiv\/\" \/>\n<meta property=\"og:site_name\" content=\"Beauty Company Weyhe\" \/>\n<meta property=\"article:publisher\" content=\"https:\/\/www.facebook.com\/beautycompanyweyhe\/\" \/>\n<meta property=\"article:modified_time\" content=\"2018-11-22T14:08:52+00:00\" \/>\n<meta property=\"og:image\" content=\"https:\/\/beauty-company-weyhe.de\/wp-content\/uploads\/2015\/10\/Ryberg-Tag-der-offenen-Tu_r-2000x1000.jpg\" \/>\n<meta name=\"twitter:card\" content=\"summary_large_image\" \/>\n<meta name=\"twitter:label1\" content=\"Gesch\u00e4tzte Lesezeit\" \/>\n\t<meta name=\"twitter:data1\" content=\"8\u00a0Minuten\" \/>\n<script type=\"application\/ld+json\" class=\"yoast-schema-graph\">{\"@context\":\"https:\/\/schema.org\",\"@graph\":[{\"@type\":\"WebPage\",\"@id\":\"https:\/\/beauty-company-weyhe.de\/index.php\/news-archiv\/\",\"url\":\"https:\/\/beauty-company-weyhe.de\/index.php\/news-archiv\/\",\"name\":\"News-Archiv - Beauty Company Weyhe\",\"isPartOf\":{\"@id\":\"https:\/\/beauty-company-weyhe.de\/#website\"},\"primaryImageOfPage\":{\"@id\":\"https:\/\/beauty-company-weyhe.de\/index.php\/news-archiv\/#primaryimage\"},\"image\":{\"@id\":\"https:\/\/beauty-company-weyhe.de\/index.php\/news-archiv\/#primaryimage\"},\"thumbnailUrl\":\"https:\/\/beauty-company-weyhe.de\/wp-content\/uploads\/2018\/03\/Fru_hjahrsmarkt-Kirchweyhe-Querformat-in-Love-550x778.jpg\",\"datePublished\":\"2017-08-15T14:31:52+00:00\",\"dateModified\":\"2018-11-22T14:08:52+00:00\",\"breadcrumb\":{\"@id\":\"https:\/\/beauty-company-weyhe.de\/index.php\/news-archiv\/#breadcrumb\"},\"inLanguage\":\"de\",\"potentialAction\":[{\"@type\":\"ReadAction\",\"target\":[\"https:\/\/beauty-company-weyhe.de\/index.php\/news-archiv\/\"]}]},{\"@type\":\"ImageObject\",\"inLanguage\":\"de\",\"@id\":\"https:\/\/beauty-company-weyhe.de\/index.php\/news-archiv\/#primaryimage\",\"url\":\"https:\/\/beauty-company-weyhe.de\/wp-content\/uploads\/2018\/03\/Fru_hjahrsmarkt-Kirchweyhe-Querformat-in-Love.jpg\",\"contentUrl\":\"https:\/\/beauty-company-weyhe.de\/wp-content\/uploads\/2018\/03\/Fru_hjahrsmarkt-Kirchweyhe-Querformat-in-Love.jpg\",\"width\":1843,\"height\":2606},{\"@type\":\"BreadcrumbList\",\"@id\":\"https:\/\/beauty-company-weyhe.de\/index.php\/news-archiv\/#breadcrumb\",\"itemListElement\":[{\"@type\":\"ListItem\",\"position\":1,\"name\":\"Startseite\",\"item\":\"https:\/\/beauty-company-weyhe.de\/\"},{\"@type\":\"ListItem\",\"position\":2,\"name\":\"News-Archiv\"}]},{\"@type\":\"WebSite\",\"@id\":\"https:\/\/beauty-company-weyhe.de\/#website\",\"url\":\"https:\/\/beauty-company-weyhe.de\/\",\"name\":\"Beauty Company Weyhe\",\"description\":\"Ob Falten, unreine Haut oder Narbengewebe, die intensive Pflege, Heilung und Gesunderhaltung Ihrer Haut ist unser Spezialgebiet.\",\"publisher\":{\"@id\":\"https:\/\/beauty-company-weyhe.de\/#organization\"},\"potentialAction\":[{\"@type\":\"SearchAction\",\"target\":{\"@type\":\"EntryPoint\",\"urlTemplate\":\"https:\/\/beauty-company-weyhe.de\/?s={search_term_string}\"},\"query-input\":{\"@type\":\"PropertyValueSpecification\",\"valueRequired\":true,\"valueName\":\"search_term_string\"}}],\"inLanguage\":\"de\"},{\"@type\":\"Organization\",\"@id\":\"https:\/\/beauty-company-weyhe.de\/#organization\",\"name\":\"Beauty Company Weyhe\",\"url\":\"https:\/\/beauty-company-weyhe.de\/\",\"logo\":{\"@type\":\"ImageObject\",\"inLanguage\":\"de\",\"@id\":\"https:\/\/beauty-company-weyhe.de\/#\/schema\/logo\/image\/\",\"url\":\"https:\/\/beauty-company-weyhe.de\/wp-content\/uploads\/2016\/07\/cropped-BCW_Facebook_2.png\",\"contentUrl\":\"https:\/\/beauty-company-weyhe.de\/wp-content\/uploads\/2016\/07\/cropped-BCW_Facebook_2.png\",\"width\":512,\"height\":512,\"caption\":\"Beauty Company Weyhe\"},\"image\":{\"@id\":\"https:\/\/beauty-company-weyhe.de\/#\/schema\/logo\/image\/\"},\"sameAs\":[\"https:\/\/www.facebook.com\/beautycompanyweyhe\/\"]}]}<\/script>\n<!-- \/ Yoast SEO plugin. -->","yoast_head_json":{"title":"News-Archiv - Beauty Company Weyhe","robots":{"index":"index","follow":"follow","max-snippet":"max-snippet:-1","max-image-preview":"max-image-preview:large","max-video-preview":"max-video-preview:-1"},"canonical":"https:\/\/beauty-company-weyhe.de\/index.php\/news-archiv\/","og_locale":"de_DE","og_type":"article","og_title":"News-Archiv - Beauty Company Weyhe","og_description":"(01.10.2018) Herbstpause \ud83c\udf42 Liebe Kundinnen und Kunden, &nbsp; unser Gesch\u00e4ft bleibt in der Zeit vom 05.10.18 &#8211; 06.10.18 geschlossen. &nbsp; Ab Montag, den 8. Oktober, sind wir wieder ganz gewohnt f\u00fcr Sie da. Ihr Team der Beauty Company Weyhe &nbsp; (23.09.2018) Neue Behandlungen von BDR Medical Beauty Concept \ud83d\udd36 Liebe Kundinnen und Kunden, &nbsp; ab [&hellip;]","og_url":"https:\/\/beauty-company-weyhe.de\/index.php\/news-archiv\/","og_site_name":"Beauty Company Weyhe","article_publisher":"https:\/\/www.facebook.com\/beautycompanyweyhe\/","article_modified_time":"2018-11-22T14:08:52+00:00","og_image":[{"url":"https:\/\/beauty-company-weyhe.de\/wp-content\/uploads\/2015\/10\/Ryberg-Tag-der-offenen-Tu_r-2000x1000.jpg","type":"","width":"","height":""}],"twitter_card":"summary_large_image","twitter_misc":{"Gesch\u00e4tzte Lesezeit":"8\u00a0Minuten"},"schema":{"@context":"https:\/\/schema.org","@graph":[{"@type":"WebPage","@id":"https:\/\/beauty-company-weyhe.de\/index.php\/news-archiv\/","url":"https:\/\/beauty-company-weyhe.de\/index.php\/news-archiv\/","name":"News-Archiv - Beauty Company Weyhe","isPartOf":{"@id":"https:\/\/beauty-company-weyhe.de\/#website"},"primaryImageOfPage":{"@id":"https:\/\/beauty-company-weyhe.de\/index.php\/news-archiv\/#primaryimage"},"image":{"@id":"https:\/\/beauty-company-weyhe.de\/index.php\/news-archiv\/#primaryimage"},"thumbnailUrl":"https:\/\/beauty-company-weyhe.de\/wp-content\/uploads\/2018\/03\/Fru_hjahrsmarkt-Kirchweyhe-Querformat-in-Love-550x778.jpg","datePublished":"2017-08-15T14:31:52+00:00","dateModified":"2018-11-22T14:08:52+00:00","breadcrumb":{"@id":"https:\/\/beauty-company-weyhe.de\/index.php\/news-archiv\/#breadcrumb"},"inLanguage":"de","potentialAction":[{"@type":"ReadAction","target":["https:\/\/beauty-company-weyhe.de\/index.php\/news-archiv\/"]}]},{"@type":"ImageObject","inLanguage":"de","@id":"https:\/\/beauty-company-weyhe.de\/index.php\/news-archiv\/#primaryimage","url":"https:\/\/beauty-company-weyhe.de\/wp-content\/uploads\/2018\/03\/Fru_hjahrsmarkt-Kirchweyhe-Querformat-in-Love.jpg","contentUrl":"https:\/\/beauty-company-weyhe.de\/wp-content\/uploads\/2018\/03\/Fru_hjahrsmarkt-Kirchweyhe-Querformat-in-Love.jpg","width":1843,"height":2606},{"@type":"BreadcrumbList","@id":"https:\/\/beauty-company-weyhe.de\/index.php\/news-archiv\/#breadcrumb","itemListElement":[{"@type":"ListItem","position":1,"name":"Startseite","item":"https:\/\/beauty-company-weyhe.de\/"},{"@type":"ListItem","position":2,"name":"News-Archiv"}]},{"@type":"WebSite","@id":"https:\/\/beauty-company-weyhe.de\/#website","url":"https:\/\/beauty-company-weyhe.de\/","name":"Beauty Company Weyhe","description":"Ob Falten, unreine Haut oder Narbengewebe, die intensive Pflege, Heilung und Gesunderhaltung Ihrer Haut ist unser Spezialgebiet.","publisher":{"@id":"https:\/\/beauty-company-weyhe.de\/#organization"},"potentialAction":[{"@type":"SearchAction","target":{"@type":"EntryPoint","urlTemplate":"https:\/\/beauty-company-weyhe.de\/?s={search_term_string}"},"query-input":{"@type":"PropertyValueSpecification","valueRequired":true,"valueName":"search_term_string"}}],"inLanguage":"de"},{"@type":"Organization","@id":"https:\/\/beauty-company-weyhe.de\/#organization","name":"Beauty Company Weyhe","url":"https:\/\/beauty-company-weyhe.de\/","logo":{"@type":"ImageObject","inLanguage":"de","@id":"https:\/\/beauty-company-weyhe.de\/#\/schema\/logo\/image\/","url":"https:\/\/beauty-company-weyhe.de\/wp-content\/uploads\/2016\/07\/cropped-BCW_Facebook_2.png","contentUrl":"https:\/\/beauty-company-weyhe.de\/wp-content\/uploads\/2016\/07\/cropped-BCW_Facebook_2.png","width":512,"height":512,"caption":"Beauty Company Weyhe"},"image":{"@id":"https:\/\/beauty-company-weyhe.de\/#\/schema\/logo\/image\/"},"sameAs":["https:\/\/www.facebook.com\/beautycompanyweyhe\/"]}]}},"jetpack_sharing_enabled":true,"jetpack_shortlink":"https:\/\/wp.me\/P6t8sO-dt","_links":{"self":[{"href":"https:\/\/beauty-company-weyhe.de\/index.php\/wp-json\/wp\/v2\/pages\/835","targetHints":{"allow":["GET"]}}],"collection":[{"href":"https:\/\/beauty-company-weyhe.de\/index.php\/wp-json\/wp\/v2\/pages"}],"about":[{"href":"https:\/\/beauty-company-weyhe.de\/index.php\/wp-json\/wp\/v2\/types\/page"}],"author":[{"embeddable":true,"href":"https:\/\/beauty-company-weyhe.de\/index.php\/wp-json\/wp\/v2\/users\/1"}],"replies":[{"embeddable":true,"href":"https:\/\/beauty-company-weyhe.de\/index.php\/wp-json\/wp\/v2\/comments?post=835"}],"version-history":[{"count":4,"href":"https:\/\/beauty-company-weyhe.de\/index.php\/wp-json\/wp\/v2\/pages\/835\/revisions"}],"predecessor-version":[{"id":1091,"href":"https:\/\/beauty-company-weyhe.de\/index.php\/wp-json\/wp\/v2\/pages\/835\/revisions\/1091"}],"wp:attachment":[{"href":"https:\/\/beauty-company-weyhe.de\/index.php\/wp-json\/wp\/v2\/media?parent=835"}],"curies":[{"name":"wp","href":"https:\/\/api.w.org\/{rel}","templated":true}]}}